{"id":78432,"date":"2020-07-03T21:51:19","date_gmt":"2020-07-03T21:51:19","guid":{"rendered":"https:\/\/www.martas.pt\/privacy-policy\/"},"modified":"2020-07-03T22:05:31","modified_gmt":"2020-07-03T22:05:31","slug":"privacy-policy","status":"publish","type":"page","link":"https:\/\/www.martas.pt\/en\/privacy-policy\/","title":{"rendered":"Privacy Policy"},"content":{"rendered":"\n<h2 class=\"wp-block-heading\"><strong>About Us<\/strong><\/h2>\n\n<p>Marta Espregueira Mendes &#8211; Arquitectura e Decora\u00e7\u00e3o de Interiores, Unipessoal, Lda, NIF 503948373, com sede em Rua de Fez, N\u00ba 691 4150-331 Porto, hereinafter referred to as Marta\u2019s.<\/p>\n\n<p>Our website URL is: www.martas.pt<\/p>\n\n<p>You can contact us by:<\/p>\n\n<ul class=\"wp-block-list\"><li>Email: geral@martas.pt<\/li><li>Phone: 00351 226 178 432<\/li><\/ul>\n<p>We are committed to protecting your personal data. In this regard, we have prepared this Policy, which underpins our commitment to respect the rules of personal data protection. In addition, we have taken appropriate measures to ensure the integrity and confidentiality of your data, as well as all other rights you may have.<\/p>\n\n<h2 class=\"wp-block-heading\"><strong>What personal data are collected and how they are collected<\/strong><\/h2>\n\n<h3 class=\"wp-block-heading\"><strong>Online shop and user registration<\/strong><\/h3>\n\n<p>When you make purchase on our website, at www.martas.pt, we may ask for your personal information: full name, address, e-mail address, VAT number, telephone number, country. This information is essential so that we can ensure your identity, ensure the delivery, and contact you to provide information about the availability of the product(s), the payment process and other useful information.<\/p>\n\n<p>Depending on the chosen type of payment, you may be asked to provide data relating to your credit card or user accounts for third party services such as MB Way or Paypal. These data are essential for this kind of payment.<\/p>\n\n<p>In order to avoid the repeated supply of this information in each order, the user can proceed with the registration on our website. That way, the user will be assigned a password (which can be customized) associated with the provided email, with which the user can enter a reserved area on our website and proceed to order products more easily.<\/p>\n\n<p>The collected data are used only for the purposes of confirmation, order dispatch and requesting additional information and \/ or providing clarifications regarding them.<\/p>\n\n<h3 class=\"wp-block-heading\"><strong>Newsletter<\/strong><\/h3>\n\n<p>When you request to subscribe to our newsletter, your e-mail address will be collected, which we use to send you, as requested, promotional and marketing information about Marta\u2019s We will keep your e-mail address until you show us the contrary will through the means and contacts made available.<\/p>\n\n<h3 class=\"wp-block-heading\"><strong>Email<\/strong><\/h3>\n\n<p>When you contact us via email, we collect your email address so that we can respond directly to your communication.<\/p>\n\n<h3 class=\"wp-block-heading\"><strong>Phone call<\/strong><\/h3>\n\n<p>When you contact us via phone call, we may collect your telephone number if we need to contact you again within the scope of the information or services to be provided.<\/p>\n\n<p>If you place an order through our telephone contacts, we may ask you for the following data: full name, address, VAT, email address and telephone number.<\/p>\n\n<p>The data collected are used only for the purpose of ordering orders and requesting additional information and \/ or providing clarifications regarding them.<\/p>\n\n<h2 class=\"wp-block-heading\"><strong>Embedded content from other sites<\/strong><\/h2>\n\n<p>Posts on this site may include embedded content (such as videos, pictures, posts, etc.). Embedded content from other sites behaves as if the user were visiting those sites.<\/p>\n\n<p>These sites may collect data about you, use cookies, incorporate third-party tracking, monitor your interactions with it, including track interactions with embedded content if you have an account and are logged in to that site.<\/p>\n\n<h2 class=\"wp-block-heading\"><strong>Links to other websites<\/strong><\/h2>\n\n<p>On our website, www.martas.pt, links to other websites that are unrelated to Marta\u2019s may be included. The availability of such links is made in good faith, and Marta\u2019s can not be held responsible for the collection and processing of personal data made through these websites, nor assume any responsibility for such websites, namely as to the accuracy, credibility and functionalities made available ourselves.<\/p>\n\n<h2 class=\"wp-block-heading\"><strong>Cookies<\/strong><\/h2>\n\n<p>&#8220;Cookies&#8221; s\u00e3o pequenas etiquetas de software que s\u00e3o armazenadas no computador atrav\u00e9s do navegador (browser), retendo apenas informa\u00e7\u00e3o relacionada com as prefer\u00eancias, n\u00e3o incluindo, como tal, os dados pessoais.<\/p>\n\n<p>Os cookies que utilizamos s\u00e3o de funcionalidade, pois t\u00eam apenas como objetivo recolher informa\u00e7\u00e3o sobre o dispositivo com que o utilizador acede ao nosso site, de modo a que possamos automaticamente adaptar imagens e conte\u00fado para uma melhor apresenta\u00e7\u00e3o, fluidez e rendimento. Estes cookies t\u00eam, portanto, como objetivo \u00fanico registar informa\u00e7\u00f5es de modo a que a navega\u00e7\u00e3o seja mais r\u00e1pida e eficiente, eliminando a necessidade de introduzir repetidamente as mesmas informa\u00e7\u00f5es. N\u00e3o s\u00e3o, por isso, recolhidos quaisquer dados pessoais.<\/p>\n\n<p>Os cookies que utilizamos s\u00e3o \u201cuncodeAI.css, uncodeAI.images, uncodeAI.screen e phpsessid\u201d.<\/p>\n\n<p>Estes cookies ficam armazenados enquanto navegar no nosso site.<\/p>\n\n<p>O nosso site tamb\u00e9m utiliza os seguintes cookies para efeitos de gest\u00e3o da encomenda:<\/p>\n\n<p>woocommerce_cart_hash e woocommerce_items_in_cart \u2013 ajudam-nos a perceber quando o conte\u00fado \/ dados do carrinho s\u00e3o alterados.<\/p>\n\n<p>woocommerce_recently_viewed \u2013 ajuda o utilizador a ver o widget de Produtos Visualizados Recentemente.<\/p>\n\n<p>store_notice [ID do aviso] &#8211; permite que os clientes descartem os aviso inicial da loja.<\/p>\n\n<p>Estes cookies ficam armazenados enquanto navegar no nosso site.<\/p>\n\n<p>wp_woocommerce_session_ &#8211; cont\u00e9m um c\u00f3digo exclusivo para cada cliente, para que saibamos onde encontrar os dados da sua encomenda na base de dados.<\/p>\n\n<p>Este cookie fica armazenado por dois dias.<\/p>\n\n<h3 class=\"wp-block-heading\"><strong>Como pode gerir os cookies?<\/strong><\/h3>\n\n<p>Todos os browsers permitem ao utilizador aceitar, recusar ou apagar cookies, e ainda informar o utilizador sempre que um cookie \u00e9 recebido, nomeadamente atrav\u00e9s da sele\u00e7\u00e3o das defini\u00e7\u00f5es apropriadas no respetivo navegador. O utilizador pode configurar os cookies no menu &#8220;op\u00e7\u00f5es&#8221; ou &#8220;prefer\u00eancias&#8221; do seu browser.<\/p>\n\n<p>Note-se, no entanto, que, ao desativar cookies, pode impedir que alguns servi\u00e7os da web funcionem corretamente, afetando, parcial ou totalmente, a navega\u00e7\u00e3o no website.<\/p>\n\n<h2 class=\"wp-block-heading\"><strong>Como s\u00e3o tratados os seus dados<\/strong><\/h2>\n\n<p>O tratamento de dados pessoais consiste numa opera\u00e7\u00e3o ou conjunto de opera\u00e7\u00f5es efetuadas sobre dados pessoais ou conjuntos de dados pessoais, atrav\u00e9s de meios automatizados, ou n\u00e3o, nomeadamente a recolha, o registo, a organiza\u00e7\u00e3o, a estrutura\u00e7\u00e3o, a conserva\u00e7\u00e3o, a adapta\u00e7\u00e3o, a recupera\u00e7\u00e3o, a consulta, a utiliza\u00e7\u00e3o, a divulga\u00e7\u00e3o, difus\u00e3o, compara\u00e7\u00e3o, interconex\u00e3o, a limita\u00e7\u00e3o, o apagamento ou a destrui\u00e7\u00e3o.<\/p>\n\n<p>A Marta\u2019s obriga-se a garantir em todos os casos o estrito cumprimento da legisla\u00e7\u00e3o de prote\u00e7\u00e3o de dados pessoais, que s\u00e3o armazenados em bases de dados espec\u00edficas, criadas para o efeito e, em situa\u00e7\u00e3o alguma, os dados recolhidos ser\u00e3o utilizados para outra finalidade que n\u00e3o seja aquela para a qual foram recolhidos ou dado o consentimento por parte do titular dos dados.<\/p>\n\n<h2 class=\"wp-block-heading\"><strong>Com quem s\u00e3o partilhados os seus dados<\/strong><\/h2>\n\n<p>Os dados recolhidos neste site s\u00e3o para utiliza\u00e7\u00e3o exclusiva da Marta\u2019s.<\/p>\n\n<h2 class=\"wp-block-heading\"><strong>Por quanto tempo s\u00e3o retidos os seus dados<\/strong><\/h2>\n\n<p>Guardamos os seus dados durante o tempo necess\u00e1rio \u00e0 boa presta\u00e7\u00e3o de informa\u00e7\u00f5es ou servi\u00e7os.<\/p>\n\n<h2 class=\"wp-block-heading\"><strong>Que direitos tem sobre os seus dados<\/strong><\/h2>\n\n<p>Direito de acesso<\/p>\n\n<p>Tem o direito de confirmar que os seus dados pessoais est\u00e3o a ser processados e, se for o caso, de obter uma c\u00f3pia desses dados e informa\u00e7\u00f5es completas sobre o processamento.<\/p>\n\n<p>Direito de retifica\u00e7\u00e3o<\/p>\n\n<p>Tem o direito de corrigir erros, modificar dados que possam ser imprecisos ou incompletos e garantir que as informa\u00e7\u00f5es processadas est\u00e3o corretas.<\/p>\n\n<p>Direito de supress\u00e3o<\/p>\n\n<p>Tem o direito de suprimir os seus dados sem atraso indevido caso o processamento seja ilegal ou caso o objetivo do processamento ou da recolha j\u00e1 n\u00e3o se aplique.<\/p>\n\n<p>Direito de restri\u00e7\u00e3o<\/p>\n\n<p>Tem o direito de solicitar a suspens\u00e3o do processamento caso esse processamento seja ilegal ou inadequado.<\/p>\n\n<p>Direito de obje\u00e7\u00e3o<\/p>\n\n<p>Tem o direito de se opor ao processamento dos seus dados, se o prop\u00f3sito do processamento for marketing direto ou se o processamento deva ser interrompido por motivos relacionados com a sua situa\u00e7\u00e3o pessoal, exceto se provarmos raz\u00f5es leg\u00edtimas irrefut\u00e1veis para continuar o seu processamento ou se o processamento for necess\u00e1rio para executar ou defender reivindica\u00e7\u00f5es legais.<\/p>\n\n<p>Direito a n\u00e3o ser sujeito a decis\u00f5es individuais automatizadas<\/p>\n\n<p>Tem direito a n\u00e3o ser sujeito a uma decis\u00e3o baseada unicamente no processamento automatizado, incluindo caracteriza\u00e7\u00e3o, que produza efeitos legais que lhe digam respeito ou que o afetem, exceto se necess\u00e1ria para a execu\u00e7\u00e3o de um contrato, permitida por lei ou baseada no seu consentimento expl\u00edcito.<\/p>\n\n<p>Estes direitos n\u00e3o incluem qualquer dado pessoal que seja obrigat\u00f3rio manter para fins administrativos, legais ou de seguran\u00e7a.<\/p>\n\n<h2 class=\"wp-block-heading\"><strong>Para onde s\u00e3o enviados os seus dados<\/strong><\/h2>\n\n<p>A Marta\u2019s poder\u00e1 comunicar os seus dados, com a finalidade do cumprimento de obriga\u00e7\u00f5es legais, nomeadamente a entidades policiais, judiciais, fiscais e reguladoras.<\/p>\n\n<h2 class=\"wp-block-heading\"><strong>Seguran\u00e7a<\/strong><\/h2>\n\n<p>A Marta\u2019s assume o compromisso de garantir a prote\u00e7\u00e3o da seguran\u00e7a dos dados pessoais que lhe s\u00e3o disponibilizados, tendo aprovado e implementado rigorosas regras nesta mat\u00e9ria. O cumprimento destas regras constitui uma obriga\u00e7\u00e3o de todos aqueles que legalmente aos mesmos acedem.<\/p>\n\n<p>Tendo presente a preocupa\u00e7\u00e3o e empenho que a Marta\u2019s revela na defesa dos dados pessoais, foram adotadas medidas de seguran\u00e7a, de car\u00e1cter t\u00e9cnico e organizativo, de forma a proteger os dados pessoais que lhe s\u00e3o disponibilizados contra a sua difus\u00e3o, perda, uso indevido, altera\u00e7\u00e3o, tratamento ou acesso n\u00e3o autorizado, bem como contra qualquer outra forma de tratamento il\u00edcito.<\/p>\n\n<p>O acesso \u00e0s informa\u00e7\u00f5es pessoais dos Clientes est\u00e1 limitado aos colaboradores que t\u00eam uma necessidade leg\u00edtima de vir a ter contacto com essas informa\u00e7\u00f5es para prestarem servi\u00e7os ao Cliente, no cumprimento das suas fun\u00e7\u00f5es.<\/p>\n\n<p>Adicionalmente, as entidades terceiras que, no \u00e2mbito de presta\u00e7\u00f5es de servi\u00e7os, procedam ao tratamento de dados pessoais dos Clientes em nome e por conta da Marta\u2019s, est\u00e3o obrigadas, por escrito, a executar medidas t\u00e9cnicas e de seguran\u00e7a adequadas que, em cada momento, satisfa\u00e7am os requisitos previstos na legisla\u00e7\u00e3o em vigor e assegurem a defesa dos direitos do titular dos dados (nomeadamente, a prote\u00e7\u00e3o da privacidade e dos dados pessoais dos Clientes).<\/p>\n\n<p>Assim, qualquer entidade subcontratada pela Marta\u2019s tratar\u00e1 os dados pessoais dos nossos Clientes, em nome e por conta da Marta\u2019s e adotando medidas t\u00e9cnicas e organizacionais necess\u00e1rias de forma a proteger os dados pessoais contra a destrui\u00e7\u00e3o, acidental ou il\u00edcita, a perda acidental, a altera\u00e7\u00e3o, a difus\u00e3o ou o acesso n\u00e3o autorizado e contra qualquer outra forma de tratamento il\u00edcito. Em qualquer dos casos, a Marta\u2019s permanece respons\u00e1vel pelos dados pessoais que lhe sejam disponibilizados.<\/p>\n\n<p>N\u00e3o obstante as medidas de seguran\u00e7a adotadas pela Marta\u2019s, alertamos a todos os que navegam na Internet que devem adotar medidas adicionais de seguran\u00e7a, designadamente, assegurar que utilizam um PC e um Browser atualizados em termos de &#8220;patches&#8221; de seguran\u00e7a adequadamente configurados, com firewall ativa, antiv\u00edrus e anti-spyware e que se certifiquem da autenticidade dos sites que visitam na internet, devendo evitar websites em cuja reputa\u00e7\u00e3o n\u00e3o confiem.<\/p>\n\n<h2 class=\"wp-block-heading\"><strong>Informa\u00e7\u00f5es de contacto<\/strong><\/h2>\n\n<p>Para qualquer informa\u00e7\u00e3o sobre a nossa pol\u00edtica de privacidade, exercer os direitos sobre os seus dados ou opor-se \u00e0 rece\u00e7\u00e3o da nossa newsletter, contacte-nos atrav\u00e9s do email geral@martas.pt.<\/p>\n\n<h2 class=\"wp-block-heading\"><strong>Como reclamar<\/strong><\/h2>\n\n<p>Sem preju\u00edzo de poder apresentar reclama\u00e7\u00f5es diretamente \u00e0 Marta\u2019s, atrav\u00e9s dos contactos disponibilizados para o efeito, pode reclamar diretamente para a Autoridade de Controlo, que \u00e9 a Comiss\u00e3o Nacional de Prote\u00e7\u00e3o de Dados (CNPD), utilizando os contactos disponibilizados por esta entidade para o efeito.<\/p>\n\n<h2 class=\"wp-block-heading\"><strong>Altera\u00e7\u00f5es futuras nesta Pol\u00edtica de Privacidade<\/strong><\/h2>\n\n<p>No futuro, poder\u00e1 ser necess\u00e1rio atualizar ou rever esta Pol\u00edtica de Privacidade. A Marta\u2019s reserva-se o direito de faz\u00ea-lo, a qualquer momento e sem pr\u00e9vio aviso, divulgando a vers\u00e3o revista em www.martas.pt.<\/p>\n\n<p>Essas altera\u00e7\u00f5es ter\u00e3o efeito a partir do dia da sua publica\u00e7\u00e3o e apenas sobre as informa\u00e7\u00f5es pessoais recolhidas ap\u00f3s a publica\u00e7\u00e3o da vers\u00e3o revista.<\/p>\n","protected":false},"excerpt":{"rendered":"<p>About Us Marta Espregueira Mendes &#8211; Arquitectura e Decora\u00e7\u00e3o de Interiores, Unipessoal, Lda, NIF 503948373, com sede em Rua de Fez, N\u00ba 691 4150-331 Porto, hereinafter referred to as Marta\u2019s. Our website URL is: www.martas.pt You can contact us by: Email: geral@martas.pt Phone: 00351 226 178 432 We are committed to protecting your personal data. [&hellip;]<\/p>\n","protected":false},"author":1,"featured_media":0,"parent":0,"menu_order":0,"comment_status":"closed","ping_status":"closed","template":"","meta":{"footnotes":""},"class_list":["post-78432","page","type-page","status-publish","hentry"],"_links":{"self":[{"href":"https:\/\/www.martas.pt\/en\/wp-json\/wp\/v2\/pages\/78432","targetHints":{"allow":["GET"]}}],"collection":[{"href":"https:\/\/www.martas.pt\/en\/wp-json\/wp\/v2\/pages"}],"about":[{"href":"https:\/\/www.martas.pt\/en\/wp-json\/wp\/v2\/types\/page"}],"author":[{"embeddable":true,"href":"https:\/\/www.martas.pt\/en\/wp-json\/wp\/v2\/users\/1"}],"replies":[{"embeddable":true,"href":"https:\/\/www.martas.pt\/en\/wp-json\/wp\/v2\/comments?post=78432"}],"version-history":[{"count":3,"href":"https:\/\/www.martas.pt\/en\/wp-json\/wp\/v2\/pages\/78432\/revisions"}],"predecessor-version":[{"id":78443,"href":"https:\/\/www.martas.pt\/en\/wp-json\/wp\/v2\/pages\/78432\/revisions\/78443"}],"wp:attachment":[{"href":"https:\/\/www.martas.pt\/en\/wp-json\/wp\/v2\/media?parent=78432"}],"curies":[{"name":"wp","href":"https:\/\/api.w.org\/{rel}","templated":true}]}}